{"version":"1.0","provider_name":"Colegio La Providencia","provider_url":"http:\/\/laprovidenciaovalle.cl\/colegio","author_name":"Colegio Providencia","author_url":"http:\/\/laprovidenciaovalle.cl\/colegio\/author\/colegio-providencia-ovalle\/","title":"Colegio Providencia de Ovalle celebr\u00f3 sus 108 a\u00f1os - Colegio La Providencia","type":"rich","width":600,"height":338,"html":"<blockquote class=\"wp-embedded-content\"><a href=\"http:\/\/laprovidenciaovalle.cl\/colegio\/colegio-providencia-de-ovalle-celebro-sus-108-anos\/\">Colegio Providencia de Ovalle celebr\u00f3 sus 108 a\u00f1os<\/a><\/blockquote>\n<script type='text\/javascript'>\n<!--\/\/--><![CDATA[\/\/><!--\n\t\t\/*! This file is auto-generated *\/\n\t\t!function(d,l){\"use strict\";var e=!1,n=!1;if(l.querySelector)if(d.addEventListener)e=!0;if(d.wp=d.wp||{},!d.wp.receiveEmbedMessage)if(d.wp.receiveEmbedMessage=function(e){var t=e.data;if(t)if(t.secret||t.message||t.value)if(!\/[^a-zA-Z0-9]\/.test(t.secret)){for(var r,i,a,s=l.querySelectorAll('iframe[data-secret=\"'+t.secret+'\"]'),n=l.querySelectorAll('blockquote[data-secret=\"'+t.secret+'\"]'),o=new RegExp(\"^https?:$\",\"i\"),c=0;c<n.length;c++)n[c].style.display=\"none\";for(c=0;c<s.length;c++)if(r=s[c],e.source===r.contentWindow){if(r.removeAttribute(\"style\"),\"height\"===t.message){if(1e3<(a=parseInt(t.value,10)))a=1e3;else if(~~a<200)a=200;r.height=a}if(\"link\"===t.message)if(i=l.createElement(\"a\"),a=l.createElement(\"a\"),i.href=r.getAttribute(\"src\"),a.href=t.value,o.test(a.protocol))if(a.host===i.host)if(l.activeElement===r)d.top.location.href=t.value}}},e)d.addEventListener(\"message\",d.wp.receiveEmbedMessage,!1),l.addEventListener(\"DOMContentLoaded\",t,!1),d.addEventListener(\"load\",t,!1);function t(){if(!n){n=!0;for(var e,t,r=-1!==navigator.appVersion.indexOf(\"MSIE 10\"),i=!!navigator.userAgent.match(\/Trident.*rv:11\\.\/),a=l.querySelectorAll(\"iframe.wp-embedded-content\"),s=0;s<a.length;s++){if(!(e=a[s]).getAttribute(\"data-secret\"))t=Math.random().toString(36).substr(2,10),e.src+=\"#?secret=\"+t,e.setAttribute(\"data-secret\",t);if(r||i)(t=e.cloneNode(!0)).removeAttribute(\"security\"),e.parentNode.replaceChild(t,e)}}}}(window,document);\n\/\/--><!]]>\n<\/script><iframe sandbox=\"allow-scripts\" security=\"restricted\" src=\"http:\/\/laprovidenciaovalle.cl\/colegio\/colegio-providencia-de-ovalle-celebro-sus-108-anos\/embed\/\" width=\"600\" height=\"338\" title=\"\u00abColegio Providencia de Ovalle celebr\u00f3 sus 108 a\u00f1os\u00bb \u2014 Colegio La Providencia\" frameborder=\"0\" marginwidth=\"0\" marginheight=\"0\" scrolling=\"no\" class=\"wp-embedded-content\"><\/iframe>","thumbnail_url":"http:\/\/laprovidenciaovalle.cl\/colegio\/wp-content\/uploads\/2017\/12\/Providencia-Ovalle2-e1513273880832.jpg","thumbnail_width":600,"thumbnail_height":450,"description":"Durante la fr\u00eda ma\u00f1ana del pasado 8 de octubre\u00a0el Colegio \u201cLa Providencia\u201d de Ovalle, parte integrante de nuestro Ministerio Educacional, conmemor\u00f3 los 108 a\u00f1os desde su fundaci\u00f3n\u00a0con una bella Eucarist\u00eda presidida por Monse\u00f1or Ren\u00e9 Rebolledo. En ella estuvieron presentes la totalidad de alumnas, administrativos, profesores, cuerpo directivo y apoderados. Asimismo, formaron parte de la celebraci\u00f3n la Superiora Provincial de nuestra&nbsp;[&hellip;]"}