{"version":"1.0","provider_name":"Colegio La Providencia","provider_url":"http:\/\/laprovidenciaovalle.cl\/colegio","author_name":"Comunicaciones Colegio","author_url":"http:\/\/laprovidenciaovalle.cl\/colegio\/author\/colegio-la-providencia-ovalle\/","title":"Exposici\u00f3n D\u00eda de la Educaci\u00f3n T\u00e9cnica - Colegio La Providencia","type":"rich","width":600,"height":338,"html":"<blockquote class=\"wp-embedded-content\"><a href=\"http:\/\/laprovidenciaovalle.cl\/colegio\/exposicion-dia-de-la-educacion-tecnica\/\">Exposici\u00f3n D\u00eda de la Educaci\u00f3n T\u00e9cnica<\/a><\/blockquote>\n<script type='text\/javascript'>\n<!--\/\/--><![CDATA[\/\/><!--\n\t\t\/*! This file is auto-generated *\/\n\t\t!function(d,l){\"use strict\";var e=!1,n=!1;if(l.querySelector)if(d.addEventListener)e=!0;if(d.wp=d.wp||{},!d.wp.receiveEmbedMessage)if(d.wp.receiveEmbedMessage=function(e){var t=e.data;if(t)if(t.secret||t.message||t.value)if(!\/[^a-zA-Z0-9]\/.test(t.secret)){for(var r,i,a,s=l.querySelectorAll('iframe[data-secret=\"'+t.secret+'\"]'),n=l.querySelectorAll('blockquote[data-secret=\"'+t.secret+'\"]'),o=new RegExp(\"^https?:$\",\"i\"),c=0;c<n.length;c++)n[c].style.display=\"none\";for(c=0;c<s.length;c++)if(r=s[c],e.source===r.contentWindow){if(r.removeAttribute(\"style\"),\"height\"===t.message){if(1e3<(a=parseInt(t.value,10)))a=1e3;else if(~~a<200)a=200;r.height=a}if(\"link\"===t.message)if(i=l.createElement(\"a\"),a=l.createElement(\"a\"),i.href=r.getAttribute(\"src\"),a.href=t.value,o.test(a.protocol))if(a.host===i.host)if(l.activeElement===r)d.top.location.href=t.value}}},e)d.addEventListener(\"message\",d.wp.receiveEmbedMessage,!1),l.addEventListener(\"DOMContentLoaded\",t,!1),d.addEventListener(\"load\",t,!1);function t(){if(!n){n=!0;for(var e,t,r=-1!==navigator.appVersion.indexOf(\"MSIE 10\"),i=!!navigator.userAgent.match(\/Trident.*rv:11\\.\/),a=l.querySelectorAll(\"iframe.wp-embedded-content\"),s=0;s<a.length;s++){if(!(e=a[s]).getAttribute(\"data-secret\"))t=Math.random().toString(36).substr(2,10),e.src+=\"#?secret=\"+t,e.setAttribute(\"data-secret\",t);if(r||i)(t=e.cloneNode(!0)).removeAttribute(\"security\"),e.parentNode.replaceChild(t,e)}}}}(window,document);\n\/\/--><!]]>\n<\/script><iframe sandbox=\"allow-scripts\" security=\"restricted\" src=\"http:\/\/laprovidenciaovalle.cl\/colegio\/exposicion-dia-de-la-educacion-tecnica\/embed\/\" width=\"600\" height=\"338\" title=\"\u00abExposici\u00f3n D\u00eda de la Educaci\u00f3n T\u00e9cnica\u00bb \u2014 Colegio La Providencia\" frameborder=\"0\" marginwidth=\"0\" marginheight=\"0\" scrolling=\"no\" class=\"wp-embedded-content\"><\/iframe>","thumbnail_url":"http:\/\/laprovidenciaovalle.cl\/colegio\/wp-content\/uploads\/2018\/09\/40513612_543974426047706_207430406247546880_o.jpg","thumbnail_width":1944,"thumbnail_height":1296,"description":"Este a\u00f1o se cumplen 76 a\u00f1os desde que el Presidente Juan Antonio R\u00edos reconoci\u00f3 la importancia de la Educaci\u00f3n T\u00e9cnica en el desarrollo productivo del pa\u00eds a trav\u00e9s de la creaci\u00f3n de la Direcci\u00f3n General de Ense\u00f1anza Profesional, la cual se realiz\u00f3 el 26 de agosto de 1942. En el marco de esta celebraci\u00f3n, las alumnas de 3\u00b0 y 4\u00b0&nbsp;[&hellip;]"}