{"id":1250,"date":"2017-12-14T20:43:21","date_gmt":"2017-12-14T20:43:21","guid":{"rendered":"http:\/\/laprovidenciaovalle.cl\/colegio\/?page_id=1250"},"modified":"2024-12-10T11:49:21","modified_gmt":"2024-12-10T14:49:21","slug":"area-social","status":"publish","type":"page","link":"http:\/\/laprovidenciaovalle.cl\/colegio\/colegio-info\/areas\/area-social\/","title":{"rendered":"Convivencia Escolar"},"content":{"rendered":"<p>[vc_row][vc_column][vc_column_text]<\/p>\n<p><img loading=\"lazy\" class=\"alignnone wp-image-15238 size-large\" src=\"http:\/\/laprovidenciaovalle.cl\/colegio\/wp-content\/uploads\/2017\/11\/IMG_3887-1024x683.jpg\" alt=\"\" width=\"1024\" height=\"683\" srcset=\"http:\/\/laprovidenciaovalle.cl\/colegio\/wp-content\/uploads\/2017\/11\/IMG_3887-1024x683.jpg 1024w, http:\/\/laprovidenciaovalle.cl\/colegio\/wp-content\/uploads\/2017\/11\/IMG_3887-300x200.jpg 300w, http:\/\/laprovidenciaovalle.cl\/colegio\/wp-content\/uploads\/2017\/11\/IMG_3887-768x512.jpg 768w, http:\/\/laprovidenciaovalle.cl\/colegio\/wp-content\/uploads\/2017\/11\/IMG_3887-1536x1024.jpg 1536w, http:\/\/laprovidenciaovalle.cl\/colegio\/wp-content\/uploads\/2017\/11\/IMG_3887-2048x1365.jpg 2048w, http:\/\/laprovidenciaovalle.cl\/colegio\/wp-content\/uploads\/2017\/11\/IMG_3887-150x100.jpg 150w\" sizes=\"(max-width: 1024px) 100vw, 1024px\" \/><\/p>\n<p>Equipo a cargo de la Psic\u00f3loga Sra. Carolina Varela que cuenta con experiencia y\/o formaci\u00f3n en el \u00e1mbito pedag\u00f3gico, el \u00e1rea de convivencia escolar y resoluci\u00f3n pac\u00edfica de conflictos, y\/o experiencia en mediaci\u00f3n escolar.<br \/>\nConoce y comprende el enfoque formativo de la Convivencia Escolar, as\u00ed como la normativa que la define o la regula, y los instrumentos administrativos y de gesti\u00f3n que permiten su implementaci\u00f3n. Adem\u00e1s debe mantener una mirada objetiva de las situaciones planteadas en torno a la Convivencia Escolar que permita esclarecer situaciones de conflicto de la manera m\u00e1s adecuada y favorable al clima del establecimiento.<\/p>\n<p>Sus funciones:<\/p>\n<ul>\n<li>Mantener y coordinar la ejecuci\u00f3n del Plan de Gesti\u00f3n.<\/li>\n<li>Hacer las intervenciones globales de los casos y\/o cursos, asesorando a profesores o bien, realizando procesos de mediaci\u00f3n, negociaci\u00f3n o arbitraje seg\u00fan corresponda.<\/li>\n<li>Ejecutar actividades y talleres en torno a la tem\u00e1tica de convivencia escolar de forma continua con toda la comunidad educativa.<\/li>\n<\/ul>\n<h3>Encargada de Convivencia Escolar<\/h3>\n<h3><strong>Sra. Carolina Varela<\/strong><\/h3>\n<h3><strong>Equipo<\/strong><\/h3>\n<h3>Srta. Yubisa Fabres<\/h3>\n<p>[\/vc_column_text][\/vc_column][\/vc_row]<\/p>\n","protected":false},"excerpt":{"rendered":"<p>[vc_row][vc_column][vc_column_text] Equipo a cargo de la Psic\u00f3loga Sra. Carolina Varela que cuenta con experiencia y\/o formaci\u00f3n en el \u00e1mbito pedag\u00f3gico, el \u00e1rea de convivencia escolar y resoluci\u00f3n pac\u00edfica de conflictos, y\/o experiencia en mediaci\u00f3n escolar. Conoce y comprende el enfoque formativo de la Convivencia Escolar, as\u00ed como la normativa que la define o la regula, y los instrumentos administrativos y&nbsp;<a href=\"http:\/\/laprovidenciaovalle.cl\/colegio\/colegio-info\/areas\/area-social\/\">[&hellip;]<\/a><\/p>\n","protected":false},"author":2,"featured_media":0,"parent":1791,"menu_order":6,"comment_status":"closed","ping_status":"closed","template":"template-sidebar-left-childpages.php","meta":[],"yoast_head":"<!-- This site is optimized with the Yoast SEO plugin v15.2 - https:\/\/yoast.com\/wordpress\/plugins\/seo\/ -->\n<title>Convivencia Escolar - Colegio La Providencia<\/title>\n<meta name=\"robots\" content=\"index, follow, max-snippet:-1, max-image-preview:large, max-video-preview:-1\" \/>\n<link rel=\"canonical\" href=\"http:\/\/laprovidenciaovalle.cl\/colegio\/colegio-info\/areas\/area-social\/\" \/>\n<meta property=\"og:locale\" content=\"es_ES\" \/>\n<meta property=\"og:type\" content=\"article\" \/>\n<meta property=\"og:title\" content=\"Convivencia Escolar - Colegio La Providencia\" \/>\n<meta property=\"og:description\" content=\"[vc_row][vc_column][vc_column_text] Equipo a cargo de la Psic\u00f3loga Sra. Carolina Varela que cuenta con experiencia y\/o formaci\u00f3n en el \u00e1mbito pedag\u00f3gico, el \u00e1rea de convivencia escolar y resoluci\u00f3n pac\u00edfica de conflictos, y\/o experiencia en mediaci\u00f3n escolar. Conoce y comprende el enfoque formativo de la Convivencia Escolar, as\u00ed como la normativa que la define o la regula, y los instrumentos administrativos y&nbsp;[&hellip;]\" \/>\n<meta property=\"og:url\" content=\"http:\/\/laprovidenciaovalle.cl\/colegio\/colegio-info\/areas\/area-social\/\" \/>\n<meta property=\"og:site_name\" content=\"Colegio La Providencia\" \/>\n<meta property=\"article:modified_time\" content=\"2024-12-10T14:49:21+00:00\" \/>\n<meta property=\"og:image\" content=\"http:\/\/laprovidenciaovalle.cl\/colegio\/wp-content\/uploads\/2017\/11\/IMG_3887-1024x683.jpg\" \/>\n<meta name=\"twitter:card\" content=\"summary_large_image\" \/>\n<meta name=\"twitter:label1\" value=\"Escrito por\">\n\t<meta name=\"twitter:data1\" value=\"Juan Tapia\">\n\t<meta name=\"twitter:label2\" value=\"Tiempo de lectura\">\n\t<meta name=\"twitter:data2\" value=\"1 minuto\">\n<script type=\"application\/ld+json\" class=\"yoast-schema-graph\">{\"@context\":\"https:\/\/schema.org\",\"@graph\":[{\"@type\":\"WebSite\",\"@id\":\"http:\/\/laprovidenciaovalle.cl\/colegio\/#website\",\"url\":\"http:\/\/laprovidenciaovalle.cl\/colegio\/\",\"name\":\"Colegio La Providencia\",\"description\":\"Ovalle\",\"potentialAction\":[{\"@type\":\"SearchAction\",\"target\":\"http:\/\/laprovidenciaovalle.cl\/colegio\/?s={search_term_string}\",\"query-input\":\"required name=search_term_string\"}],\"inLanguage\":\"es\"},{\"@type\":\"ImageObject\",\"@id\":\"http:\/\/laprovidenciaovalle.cl\/colegio\/colegio-info\/areas\/area-social\/#primaryimage\",\"inLanguage\":\"es\",\"url\":\"http:\/\/laprovidenciaovalle.cl\/colegio\/wp-content\/uploads\/2017\/11\/IMG_3887-1024x683.jpg\"},{\"@type\":\"WebPage\",\"@id\":\"http:\/\/laprovidenciaovalle.cl\/colegio\/colegio-info\/areas\/area-social\/#webpage\",\"url\":\"http:\/\/laprovidenciaovalle.cl\/colegio\/colegio-info\/areas\/area-social\/\",\"name\":\"Convivencia Escolar - Colegio La Providencia\",\"isPartOf\":{\"@id\":\"http:\/\/laprovidenciaovalle.cl\/colegio\/#website\"},\"primaryImageOfPage\":{\"@id\":\"http:\/\/laprovidenciaovalle.cl\/colegio\/colegio-info\/areas\/area-social\/#primaryimage\"},\"datePublished\":\"2017-12-14T20:43:21+00:00\",\"dateModified\":\"2024-12-10T14:49:21+00:00\",\"inLanguage\":\"es\",\"potentialAction\":[{\"@type\":\"ReadAction\",\"target\":[\"http:\/\/laprovidenciaovalle.cl\/colegio\/colegio-info\/areas\/area-social\/\"]}]}]}<\/script>\n<!-- \/ Yoast SEO plugin. -->","_links":{"self":[{"href":"http:\/\/laprovidenciaovalle.cl\/colegio\/wp-json\/wp\/v2\/pages\/1250"}],"collection":[{"href":"http:\/\/laprovidenciaovalle.cl\/colegio\/wp-json\/wp\/v2\/pages"}],"about":[{"href":"http:\/\/laprovidenciaovalle.cl\/colegio\/wp-json\/wp\/v2\/types\/page"}],"author":[{"embeddable":true,"href":"http:\/\/laprovidenciaovalle.cl\/colegio\/wp-json\/wp\/v2\/users\/2"}],"replies":[{"embeddable":true,"href":"http:\/\/laprovidenciaovalle.cl\/colegio\/wp-json\/wp\/v2\/comments?post=1250"}],"version-history":[{"count":7,"href":"http:\/\/laprovidenciaovalle.cl\/colegio\/wp-json\/wp\/v2\/pages\/1250\/revisions"}],"predecessor-version":[{"id":17157,"href":"http:\/\/laprovidenciaovalle.cl\/colegio\/wp-json\/wp\/v2\/pages\/1250\/revisions\/17157"}],"up":[{"embeddable":true,"href":"http:\/\/laprovidenciaovalle.cl\/colegio\/wp-json\/wp\/v2\/pages\/1791"}],"wp:attachment":[{"href":"http:\/\/laprovidenciaovalle.cl\/colegio\/wp-json\/wp\/v2\/media?parent=1250"}],"curies":[{"name":"wp","href":"https:\/\/api.w.org\/{rel}","templated":true}]}}